{"id":883,"date":"2018-05-01T14:23:12","date_gmt":"2018-05-01T12:23:12","guid":{"rendered":"http:\/\/www.sktlib.cz\/?page_id=883"},"modified":"2025-08-24T10:15:20","modified_gmt":"2025-08-24T08:15:20","slug":"gdpr","status":"publish","type":"page","link":"https:\/\/www.sktlib.cz\/?page_id=883","title":{"rendered":"GDPR"},"content":{"rendered":"<p>PROHL\u00c1\u0160EN\u00cd O ZPRACOV\u00c1N\u00cd OSOBN\u00cdCH A CITLIV\u00ddCH \u00daDAJ\u016e<br \/>\nProhl\u00e1\u0161en\u00ed o zpracov\u00e1n\u00ed osobn\u00edch a citliv\u00fdch \u00fadaj\u016f dle na\u0159\u00edzen\u00ed Evropsk\u00e9ho parlamentu a Rady (EU) 2016\/679 o ochran\u011b fyzick\u00fdch osob v souvislosti se zpracov\u00e1n\u00edm osobn\u00edch a citliv\u00fdch \u00fadaj\u016f a pou\u010den\u00ed subjekt\u016f \u00fadaj\u016f (d\u00e1le jen \u201eGDPR\u201c)<\/p>\n<h2>Spr\u00e1vce osobn\u00edch a citliv\u00fdch \u00fadaj\u016f<\/h2>\n<p>MUDr. Vladislav Chv\u00e1la, J\u00e1chymovsk\u00e1 385\/25, Liberec (nest\u00e1tn\u00ed zdravotnick\u00e9 za\u0159\u00edzen\u00ed &#8211; St\u0159edisko komplexn\u00ed terapie) V\u00e1s t\u00edmto v souladu s \u010dl. 12 GDPR informuje o zpracov\u00e1n\u00ed Va\u0161ich osobn\u00edch a citliv\u00fdch \u00fadaj\u016f a o Va\u0161ich pr\u00e1vech.<\/p>\n<h2>Rozsah zpracov\u00e1n\u00ed osobn\u00edch a citliv\u00fdch \u00fadaj\u016f<\/h2>\n<p>Osobn\u00ed a citliv\u00e9 \u00fadaje jsou zpracov\u00e1ny v rozsahu, v jak\u00e9m je p\u0159\u00edslu\u0161n\u00fd subjekt \u00fadaj\u016f spr\u00e1vci poskytl, a to v souvislosti s uzav\u0159en\u00edm smluvn\u00edho \u010di jin\u00e9ho pr\u00e1vn\u00edho vztahu se spr\u00e1vcem, v\u00a0souvislosti s\u00a0poskytov\u00e1n\u00edm zdravotn\u00ed p\u00e9\u010de, nebo kter\u00e9 spr\u00e1vce shrom\u00e1\u017edil jinak a zpracov\u00e1v\u00e1 je v souladu s platn\u00fdmi pr\u00e1vn\u00edmi p\u0159edpisy \u010di k\u00a0pln\u011bn\u00ed z\u00e1konn\u00fdch povinnost\u00ed spr\u00e1vce.<\/p>\n<p>Zpracov\u00e1n\u00edm osobn\u00edch a citliv\u00fdch \u00fadaj\u016f se rozum\u00ed jak\u00e1koli operace s\u00a0osobn\u00edmi \u010di citliv\u00fdmi \u00fadaji s\u00a0pomoc\u00ed \u010di bez pomoci automatizovan\u00fdch postup\u016f (shrom\u00e1\u017ed\u011bn\u00ed, zaznamen\u00e1n\u00ed, uspo\u0159\u00e1d\u00e1n\u00ed, strukturov\u00e1n\u00ed, ulo\u017een\u00ed, p\u0159izp\u016fsoben\u00ed nebo pozm\u011bn\u011bn\u00ed, vyhled\u00e1n\u00ed, nahl\u00e9dnut\u00ed, pou\u017eit\u00ed, zp\u0159\u00edstupn\u011bn\u00ed p\u0159enosem, \u0161\u00ed\u0159en\u00ed nebo jak\u00e9koli jin\u00e9 zp\u0159\u00edstupn\u011bn\u00ed, se\u0159azen\u00ed, zkombinov\u00e1n\u00ed, omezen\u00ed, v\u00fdmaz, nebo zni\u010den\u00ed)<\/p>\n<h2>Zdroje osobn\u00edch a citliv\u00fdch \u00fadaj\u016f<\/h2>\n<ul>\n<li>p\u0159\u00edmo od subjektu \u00fadaj\u016f \u2013 pacienti, zam\u011bstnanci, ostatn\u00ed spolupracuj\u00edc\u00ed osoby a instituce, smluvn\u00ed strany nikoliv od subjektu \u00fadaj\u016f \u2013 \u00fadaje z\u00edskan\u00e9 od jin\u00fdch subjekt\u016f nap\u0159. od jin\u00fdch zdravotnick\u00fdch za\u0159\u00edzen\u00ed, st\u00e1tn\u00edch instituc\u00ed, osob bl\u00edzk\u00fdch<\/li>\n<li>ve\u0159ejn\u011b p\u0159\u00edstupn\u00e9 rejst\u0159\u00edky, seznamy a evidence (nap\u0159. obchodn\u00ed rejst\u0159\u00edk, \u017eivnostensk\u00fd rejst\u0159\u00edk, katastr nemovitost\u00ed, ve\u0159ejn\u00fd telefonn\u00ed seznam apod.)<\/li>\n<\/ul>\n<h2>Kategorie osobn\u00edch a citliv\u00fdch \u00fadaj\u016f, kter\u00e9 jsou p\u0159edm\u011btem zpracov\u00e1n\u00ed<\/h2>\n<ul>\n<li>adresn\u00ed a identifika\u010dn\u00ed \u00fadaje slou\u017e\u00edc\u00ed k\u00a0jednozna\u010dn\u00e9 a nezam\u011bniteln\u00e9 identifikaci subjektu \u00fadaj\u016f (nap\u0159. jm\u00e9no, p\u0159\u00edjmen\u00ed, titul, pohlav\u00ed, rodn\u00e9 \u010d\u00edslo, datum narozen\u00ed, adresa trval\u00e9ho pobytu, I\u010c, DI\u010c) a \u00fadaje umo\u017e\u0148uj\u00edc\u00ed kontakt se subjektem \u00fadaj\u016f (kontaktn\u00ed \u00fadaje \u2013 nap\u0159. kontaktn\u00ed adresa, \u010d\u00edslo telefonu, emailov\u00e1 adresa a jin\u00e9 obdobn\u00e9 informace)<\/li>\n<li>popisn\u00e9 \u00fadaje (nap\u0159. bankovn\u00ed spojen\u00ed)<\/li>\n<li>citliv\u00e9 \u00fadaje \u2013 nap\u0159. zdravotnick\u00e1 dokumentace dal\u0161\u00ed \u00fadaje nezbytn\u00e9 pro pln\u011bn\u00ed z\u00e1konn\u00fdch povinnosti<\/li>\n<li>dal\u0161\u00ed \u00fadaje nezbytn\u00e9 pro pln\u011bn\u00ed povinnost\u00ed vypl\u00fdvaj\u00edc\u00edch ze smluvn\u00edch vztah\u016f<\/li>\n<li>\u00fadaje poskytnut\u00e9 nad r\u00e1mec p\u0159\u00edslu\u0161n\u00fdch z\u00e1kon\u016f zpracov\u00e1van\u00e9 pouze v r\u00e1mci ud\u011blen\u00e9ho souhlasu ze strany subjektu \u00fadaj\u016f (fotografie, po\u0159\u00edzen\u00ed kamerov\u00e9ho a zvukov\u00e9ho z\u00e1znamu).<\/li>\n<\/ul>\n<h2>Kategorie subjekt\u016f \u00fadaj\u016f<\/h2>\n<p>Standardn\u00ed osobn\u00ed \u00fadaje:<\/p>\n<ul>\n<li>Osobn\u00ed \u00fadaje zam\u011bstnanc\u016f<\/li>\n<li>Provozn\u00ed \u00fadaje \u2013 smluvn\u00ed partne\u0159i, dodavatel\u00e9, ostatn\u00ed spolupracuj\u00edc\u00ed osoby a instituce<\/li>\n<\/ul>\n<p>Citliv\u00e9 osobn\u00ed \u00fadaje:<\/p>\n<ul>\n<li>Citliv\u00e9 osobn\u00ed \u00fadaje pacient\u016f \u2013 zdravotnick\u00e1 dokumentace<\/li>\n<li>Citliv\u00e9 osobn\u00ed \u00fadaje zam\u011bstnanc\u016f<\/li>\n<\/ul>\n<h2>Kategorie p\u0159\u00edjemc\u016f osobn\u00edch a citliv\u00fdch \u00fadaj\u016f<\/h2>\n<ul>\n<li>Spr\u00e1vce<\/li>\n<li>Poskytovatel\u00e9 zdravotn\u00edch slu\u017eeb<\/li>\n<li>Poskytovatel\u00e9 soci\u00e1ln\u00edch slu\u017eeb<\/li>\n<li>Pov\u011b\u0159en\u00ed zam\u011bstnanci spr\u00e1vcem<\/li>\n<li>Pov\u011b\u0159en\u00e9 ostatn\u00ed osoby spr\u00e1vcem<\/li>\n<li>Smluvn\u00ed partne\u0159i spolupracuj\u00edc\u00ed se spr\u00e1vcem \u2013 dodavatel\u00e9, ostatn\u00ed pracovn\u00edci ve zdravotnictv\u00ed a odborn\u00e1 pracovi\u0161t\u011b, komer\u010dn\u00ed poji\u0161\u0165ovny,<\/li>\n<li>St\u00e1tn\u00ed org\u00e1ny v r\u00e1mci pln\u011bn\u00ed z\u00e1konn\u00fdch povinnost\u00ed stanoven\u00fdch p\u0159\u00edslu\u0161n\u00fdmi pr\u00e1vn\u00edmi p\u0159edpisy a ostatn\u00ed ve\u0159ejn\u00e9 subjekty jednaj\u00edc\u00ed ve ve\u0159ejn\u00e9m z\u00e1jmu (nap\u0159. MZ, krajsk\u00e9 \u00fa\u0159ady, org\u00e1ny ochrany ve\u0159ejn\u00e9ho zdrav\u00ed, zdravotn\u00ed poji\u0161\u0165ovny, soudy, spr\u00e1va soci\u00e1ln\u00edho zabezpe\u010den\u00ed, finan\u010dn\u00ed \u00fa\u0159ady apod.).<\/li>\n<\/ul>\n<h2>\u00da\u010del zpracov\u00e1n\u00ed osobn\u00edch a citliv\u00fdch \u00fadaj\u016f<\/h2>\n<ul>\n<li>\u00da\u010delem je shrom\u00e1\u017ed\u011bn\u00ed takov\u00fdch \u00fadaj\u016f, aby mohly b\u00fdt tyto \u00fadaje dal\u0161\u00edm podkladem pro poskytov\u00e1n\u00ed zdravotn\u00ed p\u00e9\u010de klient\u016fm, a to v\u00a0souladu z\u00e1kona \u010d. 372\/2011 Sb. o zdravotn\u00edch slu\u017eb\u00e1ch a podm\u00ednk\u00e1ch jejich poskytov\u00e1n\u00ed ve zn\u011bn\u00ed po \u010d. 372\/2011 pozd\u011bj\u0161\u00edch p\u0159edpis\u016f a v\u00a0souladu s\u00a0prov\u00e1d\u011bc\u00ed vyhl\u00e1\u0161kou k\u00a0z\u00e1konu o zdravotn\u00edch slu\u017eb\u00e1ch.<\/li>\n<li>\u00da\u010delem je tak\u00e9 shrom\u00e1\u017ed\u011bn\u00ed takov\u00fdch \u00fadaj\u016f, aby mohly b\u00fdt tyto \u00fadaje dal\u0161\u00edm podkladem pro poskytov\u00e1n\u00ed zdravotn\u00ed p\u00e9\u010de klient\u016fm, kter\u00e1 nen\u00ed hrazena z\u00a0ve\u0159ejn\u00e9ho zdravotn\u00edho poji\u0161t\u011bn\u00ed.<\/li>\n<li>Statistick\u00e9 a v\u00fdzkumn\u00e9 \u00fa\u010dely<\/li>\n<li>Provozn\u00ed \u00fa\u010dely \u2013 pln\u011bn\u00ed smluv, smluvn\u00ed vztahy s\u00a0dodavateli a spolupracuj\u00edc\u00edmi osobami, smluvn\u00ed vztahy se zam\u011bstnanci, prezen\u010dn\u00ed listiny<\/li>\n<li>Archivnictv\u00ed veden\u00e9 na z\u00e1klad\u011b z\u00e1kona<\/li>\n<li>Pln\u011bn\u00ed z\u00e1konn\u00fdch povinnost\u00ed ze strany spr\u00e1vce<\/li>\n<li>Ochrana \u017eivotn\u011b d\u016fle\u017eit\u00fdch z\u00e1jm\u016f subjektu \u00fadaj\u016f<\/li>\n<li>\u00da\u010dely obsa\u017een\u00e9 v\u00a0r\u00e1mci souhlasu subjektu \u00fadaj\u016f \u2013 nap\u0159. klinick\u00e9 studie, anal\u00fdza dat, vzd\u011bl\u00e1v\u00e1n\u00ed pracovn\u00edk\u016f ve zdravotnictv\u00ed<\/li>\n<\/ul>\n<h2>Zp\u016fsob zpracov\u00e1n\u00ed a ochrany osobn\u00edch \u00fadaj\u016f<\/h2>\n<p>Zpracov\u00e1n\u00ed osobn\u00edch \u00fadaj\u016f prov\u00e1d\u00ed spr\u00e1vce. Zpracov\u00e1n\u00ed je prov\u00e1d\u011bno v jeho provozovn\u00e1ch a s\u00eddle spr\u00e1vce jednotliv\u00fdmi pov\u011b\u0159en\u00fdmi osobami a zam\u011bstnanci spr\u00e1vce. Ke zpracov\u00e1n\u00ed doch\u00e1z\u00ed prost\u0159ednictv\u00edm v\u00fdpo\u010detn\u00ed techniky, ale i manu\u00e1ln\u00edm zp\u016fsobem u osobn\u00edch \u00fadaj\u016f v listinn\u00e9 podob\u011b za dodr\u017een\u00ed v\u0161ech bezpe\u010dnostn\u00edch z\u00e1sad pro spr\u00e1vu a zpracov\u00e1n\u00ed osobn\u00edch \u00fadaj\u016f. Za t\u00edmto \u00fa\u010delem p\u0159ijal spr\u00e1vce technicko-organiza\u010dn\u00ed opat\u0159en\u00ed k zaji\u0161t\u011bn\u00ed ochrany osobn\u00edch \u00fadaj\u016f, zejm\u00e9na opat\u0159en\u00ed, aby nemohlo doj\u00edt k\u00a0neopr\u00e1vn\u011bn\u00e9mu nebo nahodil\u00e9mu p\u0159\u00edstupu k osobn\u00edm \u00fadaj\u016fm, jejich zm\u011bn\u011b, zni\u010den\u00ed \u010di ztr\u00e1t\u011b, neopr\u00e1vn\u011bn\u00fdm p\u0159enos\u016fm, k jejich neopr\u00e1vn\u011bn\u00e9mu zpracov\u00e1n\u00ed, jako\u017e i k jin\u00e9mu zneu\u017eit\u00ed osobn\u00edch \u00fadaj\u016f (z\u00e1mek na dve\u0159\u00edch a kartot\u00e9ce, logov\u00e1n\u00ed p\u0159\u00edstupu, \u0161ifrov\u00e1n\u00ed datab\u00e1z\u00ed, z\u00e1lohov\u00e1n\u00ed dat, ov\u011b\u0159en\u00ed u\u017eivatelsk\u00fdch hesel a p\u0159\u00edstupov\u00fdch pr\u00e1v, \u0161kolen\u00ed osob p\u0159ich\u00e1zej\u00edc\u00edch do styku s\u00a0osobn\u00edmi \u00fadaji).<\/p>\n<p>Ve\u0161ker\u00e9 subjekty, kter\u00fdm mohou b\u00fdt osobn\u00ed \u00fadaje zp\u0159\u00edstupn\u011bny, respektuj\u00ed pr\u00e1vo subjekt\u016f \u00fadaj\u016f na soukrom\u00ed a jsou povinny postupovat dle platn\u00fdch pr\u00e1vn\u00edch p\u0159edpis\u016f t\u00fdkaj\u00edc\u00edch se ochrany osobn\u00edch \u00fadaj\u016f.<\/p>\n<h2>Doba zpracov\u00e1n\u00ed osobn\u00edch \u00fadaj\u016f<\/h2>\n<p>V souladu se lh\u016ftami uveden\u00fdmi v p\u0159\u00edslu\u0161n\u00fdch smlouv\u00e1ch, ve spisov\u00e9m a skarta\u010dn\u00edm \u0159\u00e1du spr\u00e1vce \u010di v p\u0159\u00edslu\u0161n\u00fdch pr\u00e1vn\u00edch p\u0159edpisech jde o dobu nezbytn\u011b nutnou k zaji\u0161t\u011bn\u00ed pr\u00e1v a povinnost\u00ed plynouc\u00edch jak ze z\u00e1vazkov\u00e9ho vztahu, tak i z p\u0159\u00edslu\u0161n\u00fdch pr\u00e1vn\u00edch p\u0159edpis\u016f.<\/p>\n<p>Podle druhu zdravotnick\u00e9 dokumentace 5 a\u017e 100 let, pop\u0159. do 20 let od \u00famrt\u00ed pacienta dle p\u0159\u00edlohy \u010d. 3 vyhl\u00e1\u0161ky \u010d. 98\/2012 Sb., o zdravotnick\u00e9 dokumentaci ve zn\u011bn\u00ed pozd\u011bj\u0161\u00edch p\u0159edpis\u016f.<\/p>\n<p>V\u00a0p\u0159\u00edpadech poskytnut\u00ed zdravotn\u00ed p\u00e9\u010de, kter\u00e1 nen\u00ed hrazena z\u00a0ve\u0159ejn\u00e9ho zdravotn\u00edho poji\u0161t\u011bn\u00ed, shroma\u017e\u010fujeme tyto osobn\u00ed \u00fadaje po dobu dvou let od doby, kdy V\u00e1m p\u0159estala b\u00fdt poskytov\u00e1na zdravotn\u00ed p\u00e9\u010de na\u0161\u00edm zdravotnick\u00fdm za\u0159\u00edzen\u00edm nebo do doby odvol\u00e1n\u00ed Va\u0161e souhlasu.<\/p>\n<p>Ten, kdo poskytne souhlas se zpracov\u00e1n\u00edm osobn\u00edch a citliv\u00fdch \u00fadaj\u016f, m\u016f\u017ee tento souhlas kdykoliv odvolat. Spr\u00e1vce pak provede likvidaci t\u011bchto osobn\u00edch \u00fadaj\u016f, pokud nen\u00ed povinen je uchov\u00e1vat na z\u00e1klad\u011b z\u00e1konn\u00fdch ustanoven\u00ed.<\/p>\n<ul>\n<li>Pou\u010den\u00ed<\/li>\n<li>Spr\u00e1vce zpracov\u00e1v\u00e1 \u00fadaje se souhlasem subjektu \u00fadaj\u016f s\u00a0v\u00fdjimkou z\u00e1konem stanoven\u00fdch p\u0159\u00edpad\u016f, kdy zpracov\u00e1n\u00ed osobn\u00edch \u00fadaj\u016f nevy\u017eaduje souhlas subjektu \u00fadaj\u016f. V souladu se \u010dl. 6 odst. 1 GDPR m\u016f\u017ee spr\u00e1vce bez souhlasu subjektu \u00fadaj\u016f zpracov\u00e1vat tyto \u00fadaje:<\/li>\n<li>zpracov\u00e1n\u00ed je nezbytn\u00e9 pro spln\u011bn\u00ed pr\u00e1vn\u00ed povinnosti, kter\u00e1 se na spr\u00e1vce vztahuje,<\/li>\n<li>zpracov\u00e1n\u00ed je nezbytn\u00e9 pro ochranu \u017eivotn\u011b d\u016fle\u017eit\u00fdch z\u00e1jm\u016f subjektu \u00fadaj\u016f nebo jin\u00e9 fyzick\u00e9 osoby,<\/li>\n<li>zpracov\u00e1n\u00ed je nezbytn\u00e9 pro spln\u011bn\u00ed \u00fakolu prov\u00e1d\u011bn\u00e9ho ve ve\u0159ejn\u00e9m z\u00e1jmu nebo p\u0159i v\u00fdkonu ve\u0159ejn\u00e9 moci, kter\u00fdm je pov\u011b\u0159en spr\u00e1vce,<\/li>\n<li>zpracov\u00e1n\u00ed je nezbytn\u00e9 pro \u00fa\u010dely opr\u00e1vn\u011bn\u00fdch z\u00e1jm\u016f p\u0159\u00edslu\u0161n\u00e9ho spr\u00e1vce \u010di t\u0159et\u00ed strany, krom\u011b p\u0159\u00edpad\u016f, kdy p\u0159ed t\u011bmito z\u00e1jmy maj\u00ed p\u0159ednost z\u00e1jmy nebo z\u00e1kladn\u00ed pr\u00e1va a svobody subjektu \u00fadaj\u016f vy\u017eaduj\u00edc\u00ed ochranu osobn\u00edch \u00fadaj\u016f.<\/li>\n<li>Spr\u00e1vce d\u00e1le m\u016f\u017ee osobn\u00ed a citliv\u00fd data zpracov\u00e1vat na z\u00e1klad\u011b ud\u011blen\u00e9ho souhlasu subjektu \u00fadaj\u016f, a to pouze za konkr\u00e9tn\u00edm \u00fa\u010delem.<\/li>\n<\/ul>\n<h2>Pr\u00e1va subjekt\u016f \u00fadaj\u016f<\/h2>\n<p>1) V souladu se \u010dl. 12 GDPR informuje spr\u00e1vce na \u017e\u00e1dost subjektu \u00fadaj\u016f subjekt \u00fadaj\u016f o pr\u00e1vu na p\u0159\u00edstup k osobn\u00edm \u00fadaj\u016fm a k n\u00e1sleduj\u00edc\u00edm informac\u00edm:<\/p>\n<ul>\n<li>\u00fa\u010delu zpracov\u00e1n\u00ed,<\/li>\n<li>kategorii dot\u010den\u00fdch osobn\u00edch \u00fadaj\u016f,<\/li>\n<li>p\u0159\u00edjemci nebo kategorie p\u0159\u00edjemc\u016f, kter\u00fdm osobn\u00ed \u00fadaje byly nebo budou zp\u0159\u00edstupn\u011bny, pl\u00e1novan\u00e9 dob\u011b, po kterou budou osobn\u00ed \u00fadaje ulo\u017eeny,<\/li>\n<li>ve\u0161ker\u00e9 dostupn\u00e9 informace o zdroji osobn\u00edch \u00fadaj\u016f, pokud nejsou z\u00edsk\u00e1ny od subjektu \u00fadaj\u016f,<\/li>\n<li>2) Ka\u017ed\u00fd subjekt \u00fadaj\u016f, kter\u00fd zjist\u00ed nebo se domn\u00edv\u00e1, \u017ee spr\u00e1vce prov\u00e1d\u00ed zpracov\u00e1n\u00ed jeho osobn\u00edch \u00fadaj\u016f, kter\u00e9 je v rozporu s ochranou soukrom\u00e9ho a osobn\u00edho \u017eivota subjektu \u00fadaj\u016f nebo v rozporu se z\u00e1konem, zejm\u00e9na jsou-li osobn\u00ed \u00fadaje nep\u0159esn\u00e9 s ohledem na \u00fa\u010del jejich zpracov\u00e1n\u00ed, m\u016f\u017ee:<\/li>\n<li>Po\u017e\u00e1dat spr\u00e1vce o vysv\u011btlen\u00ed.<\/li>\n<li>Subjekt m\u016f\u017ee po\u017eadovat, aby spr\u00e1vce odstranil takto vznikl\u00fd stav. Zejm\u00e9na se m\u016f\u017ee jednat o omezen\u00ed zpracov\u00e1n\u00ed, proveden\u00ed opravy, dopln\u011bn\u00ed.<\/li>\n<li>Pr\u00e1vo na v\u00fdmaz je omezeno dle z\u00e1kona \u010d. 372\/20011 Sb., o zdravotn\u00edch slu\u017eb\u00e1ch, \u00a753-69 o zdravotnick\u00e9 dokumentaci a prov\u00e1d\u011bc\u00ed vyhl\u00e1\u0161ky MZ 98\/2012 Sb., o zdravotnick\u00e9 dokumentaci \u010di \u00a770-78 t\u00fdkaj\u00edc\u00ed se NZIS a lh\u016ft pro uchov\u00e1v\u00e1n\u00ed osobn\u00edch \u00fadaj\u016f.<\/li>\n<li>Je-li \u017e\u00e1dost subjektu \u00fadaj\u016f podle odstavce 1 shled\u00e1na opr\u00e1vn\u011bnou, spr\u00e1vce odstran\u00ed neprodlen\u011b z\u00e1vadn\u00fd stav.<\/li>\n<li>Nevyhov\u00ed-li spr\u00e1vce \u017e\u00e1dosti subjektu \u00fadaj\u016f podle odstavce 1, m\u00e1 subjekt \u00fadaj\u016f pr\u00e1vo obr\u00e1tit se p\u0159\u00edmo na dozorov\u00fd \u00fa\u0159ad, tedy \u00da\u0159ad na ochranu osobn\u00edch \u00fadaj\u016f.<\/li>\n<\/ul>\n<p>Postup podle odstavce 1 nevylu\u010duje, aby se subjekt \u00fadaj\u016f obr\u00e1til se sv\u00fdm podn\u011btem na dozorov\u00fd \u00fa\u0159ad p\u0159\u00edmo. Spr\u00e1vce m\u00e1 pr\u00e1vo za poskytnut\u00ed informace po\u017eadovat p\u0159im\u011b\u0159enou \u00fahradu nep\u0159evy\u0161uj\u00edc\u00ed n\u00e1klady nezbytn\u00e9 na poskytnut\u00ed informace.<\/p>\n<p>Toto prohl\u00e1\u0161en\u00ed je ve\u0159ejn\u011b p\u0159\u00edstupn\u00e9 na internetov\u00fdch str\u00e1nk\u00e1ch<\/p>\n<p>Spr\u00e1vce.<\/p>\n","protected":false},"excerpt":{"rendered":"<p>PROHL\u00c1\u0160EN\u00cd O ZPRACOV\u00c1N\u00cd OSOBN\u00cdCH A CITLIV\u00ddCH \u00daDAJ\u016e Prohl\u00e1\u0161en\u00ed o zpracov\u00e1n\u00ed osobn\u00edch a citliv\u00fdch \u00fadaj\u016f dle na\u0159\u00edzen\u00ed Evropsk\u00e9ho parlamentu a Rady (EU) 2016\/679 o ochran\u011b fyzick\u00fdch osob v souvislosti se zpracov\u00e1n\u00edm osobn\u00edch a citliv\u00fdch \u00fadaj\u016f a pou\u010den\u00ed subjekt\u016f \u00fadaj\u016f (d\u00e1le jen<\/p>\n","protected":false},"author":1,"featured_media":0,"parent":0,"menu_order":0,"comment_status":"closed","ping_status":"closed","template":"","meta":{"_crdt_document":"","footnotes":""},"class_list":["post-883","page","type-page","status-publish","hentry"],"jetpack_sharing_enabled":true,"_links":{"self":[{"href":"https:\/\/www.sktlib.cz\/index.php?rest_route=\/wp\/v2\/pages\/883","targetHints":{"allow":["GET"]}}],"collection":[{"href":"https:\/\/www.sktlib.cz\/index.php?rest_route=\/wp\/v2\/pages"}],"about":[{"href":"https:\/\/www.sktlib.cz\/index.php?rest_route=\/wp\/v2\/types\/page"}],"author":[{"embeddable":true,"href":"https:\/\/www.sktlib.cz\/index.php?rest_route=\/wp\/v2\/users\/1"}],"replies":[{"embeddable":true,"href":"https:\/\/www.sktlib.cz\/index.php?rest_route=%2Fwp%2Fv2%2Fcomments&post=883"}],"version-history":[{"count":3,"href":"https:\/\/www.sktlib.cz\/index.php?rest_route=\/wp\/v2\/pages\/883\/revisions"}],"predecessor-version":[{"id":892,"href":"https:\/\/www.sktlib.cz\/index.php?rest_route=\/wp\/v2\/pages\/883\/revisions\/892"}],"wp:attachment":[{"href":"https:\/\/www.sktlib.cz\/index.php?rest_route=%2Fwp%2Fv2%2Fmedia&parent=883"}],"curies":[{"name":"wp","href":"https:\/\/api.w.org\/{rel}","templated":true}]}}